{"id":49,"date":"2019-02-10T09:27:32","date_gmt":"2019-02-10T09:27:32","guid":{"rendered":"http:\/\/pilsumer-warfthaus.de\/?page_id=49"},"modified":"2019-05-12T07:22:31","modified_gmt":"2019-05-12T07:22:31","slug":"die-wohnung-am-dorf","status":"publish","type":"page","link":"https:\/\/pilsumer-warfthaus.de\/?page_id=49","title":{"rendered":"Wohnung &#8222;Am Dorf&#8220;"},"content":{"rendered":"<p><span style=\"font-family: helvetica, arial, sans-serif; font-size: 24pt;\">Ferienwohnung &#8222;Am Dorf&#8220;<\/span><br \/>\n<span style=\"font-family: helvetica, arial, sans-serif; font-size: 18pt;\">&#8222;Am Dorf&#8220;, die vordere der beiden Ferienwohnungen, ist 90 m\u00b2 gro\u00df und erstreckt sich \u00fcber zwei Etagen. Sie hat einen eigenen Eingang an der Giebelseite des Hauses und verf\u00fcgt \u00fcber eine gesch\u00fctzte Terrasse. Mit ihrem nach oben offenen Wohnbereich und dem angrenzenden K\u00fcchen- und Essbereich ist die Wohnung gem\u00fctlich und lichtdurchflutet. Die zahlreichen gro\u00dfen Fenster und die beiden Gartent\u00fcren tragen ebenfalls zur hellen und freundlichen Atmosph\u00e4re bei.<\/span><br \/>\n<span style=\"font-family: helvetica, arial, sans-serif; font-size: 18pt;\">Mit einem oben und einem unten liegenden Schlafzimmer ist die Wohnung f\u00fcr G\u00e4ste jeden Alters geeignet. Ein vollwertiges Badezimmer mit Dusche und WC gibt es sowohl im Unter- wie im Obergeschoss. Das untere Bad verf\u00fcgt \u00fcber eine ger\u00e4umige ebenerdige Dusche. Das Schlafzimmer im Erdgeschoss ist mit einem bequemen Doppelbett ausgestattet. Im oberen Schlafzimmer stehen zwei Einzelbetten und ein Kinderbett. Die Wohnung ist sowohl f\u00fcr zwei Personen als auch f\u00fcr Familien mit Kindern geeignet.<\/span><\/p>\n<p>ngg_shortcode_0_placeholder<span style=\"font-family: helvetica, arial, sans-serif; font-size: 18pt;\">Ausstattungsmerkmale:<\/span><\/p>\n<ul>\n<li><span style=\"font-family: helvetica, arial, sans-serif; font-size: 14pt;\">eigener Eingang<\/span><\/li>\n<li><span style=\"font-family: helvetica, arial, sans-serif; font-size: 14pt;\">eigene Terrasse<\/span><\/li>\n<li><span style=\"font-family: helvetica, arial, sans-serif; font-size: 14pt;\">eigener Parkplatz<\/span><\/li>\n<li><span style=\"font-family: helvetica, arial, sans-serif; font-size: 14pt;\">W-lan<\/span><\/li>\n<li><span style=\"font-family: helvetica, arial, sans-serif; font-size: 14pt;\">individuell regulierbare Fu\u00dfbodenheizung in allen R\u00e4umen<\/span><\/li>\n<li><span style=\"font-family: helvetica, arial, sans-serif; font-size: 14pt;\">Bettw\u00e4sche, Handt\u00fccher und Endreinigung<\/span><\/li>\n<li><span style=\"font-family: helvetica, arial, sans-serif; font-size: 14pt;\">Spiele und B\u00fccher<\/span><\/li>\n<\/ul>\n<p>&nbsp;<\/p>\n<p><span style=\"font-family: helvetica, arial, sans-serif; font-size: 14pt;\"><strong>1. Schlafzimmer EG<\/strong>:<\/span><\/p>\n<p><span style=\"font-family: helvetica, arial, sans-serif; font-size: 14pt;\">Doppelbett ( 1,80 m x 2 m )( 2 Matratzen )<\/span><\/p>\n<p><span style=\"font-family: helvetica, arial, sans-serif; font-size: 14pt;\"><strong>2. Schlafzimmer OG<\/strong><\/span><\/p>\n<p><span style=\"font-family: helvetica, arial, sans-serif; font-size: 14pt;\">zwei Einzelbetten ( 0,90m x 2m)<\/span><br \/>\n<span style=\"font-family: helvetica, arial, sans-serif; font-size: 14pt;\">Kinderbett<\/span><\/p>\n<p><span style=\"font-family: helvetica, arial, sans-serif; font-size: 14pt;\"><strong>1. Badezimmer EG<\/strong><\/span><\/p>\n<p><span style=\"font-family: helvetica, arial, sans-serif; font-size: 14pt;\">ebenerdige Dusche mit Regenduschkopf<\/span><br \/>\n<span style=\"font-family: helvetica, arial, sans-serif; font-size: 14pt;\">WC<\/span><br \/>\n<span style=\"font-family: helvetica, arial, sans-serif; font-size: 14pt;\">Waschtisch<\/span><br \/>\n<span style=\"font-family: helvetica, arial, sans-serif; font-size: 14pt;\">F\u00f6n<\/span><\/p>\n<p><span style=\"font-family: helvetica, arial, sans-serif; font-size: 14pt;\"><strong>2. Badezimmer OG<\/strong><\/span><\/p>\n<p><span style=\"font-family: helvetica, arial, sans-serif; font-size: 14pt;\">Dusche mit Eckeinstieg<\/span><\/p>\n<p><span style=\"font-family: helvetica, arial, sans-serif; font-size: 14pt;\">WC<\/span><\/p>\n<p><span style=\"font-family: helvetica, arial, sans-serif; font-size: 14pt;\">Waschtisch<\/span><\/p>\n<p><span style=\"font-family: helvetica, arial, sans-serif; font-size: 14pt;\"><strong>K\u00fcche mit Essbereich<\/strong><\/span><\/p>\n<p><span style=\"font-family: helvetica, arial, sans-serif; font-size: 14pt;\">Ausstattung f\u00fcr 4 Personen<\/span><\/p>\n<p><span style=\"font-family: helvetica, arial, sans-serif; font-size: 14pt;\">K\u00fchlschrank mit Gefrierfach<\/span><\/p>\n<p><span style=\"font-family: helvetica, arial, sans-serif; font-size: 14pt;\">4-Zonen-Glaskeramikkochfeld inkl. Backofen<\/span><\/p>\n<p><span style=\"font-family: helvetica, arial, sans-serif; font-size: 14pt;\">Geschirrsp\u00fclmaschine<\/span><\/p>\n<p><span style=\"font-family: helvetica, arial, sans-serif; font-size: 14pt;\">Toaster, Wasserkocher, Kaffeemaschine<\/span><\/p>\n<p><span style=\"font-family: helvetica, arial, sans-serif; font-size: 14pt;\"><strong>Wohnbereich<\/strong><\/span><\/p>\n<p><span style=\"font-family: helvetica, arial, sans-serif; font-size: 14pt;\">Sitzecke<\/span><\/p>\n<p><span style=\"font-family: helvetica, arial, sans-serif; font-size: 14pt;\">SAT-TV-Flachbildschirm, DVD-Player, Radio mit CD-Player<\/span><\/p>\n<p><span style=\"font-family: helvetica, arial, sans-serif; font-size: 14pt;\"><strong>Au\u00dfenbereich<\/strong><\/span><\/p>\n<p><span style=\"font-family: helvetica, arial, sans-serif; font-size: 14pt;\">eigene Terrasse mit Gartenm\u00f6beln und separatem Gartenbereich<\/span><\/p>\n<p><span style=\"font-family: helvetica, arial, sans-serif; font-size: 14pt;\">Grill nach Absprache<\/span><\/p>\n<p><span style=\"font-family: helvetica, arial, sans-serif; font-size: 14pt;\">abschlie\u00dfbares Gartenhaus mit Stromanschluss f\u00fcr Fahrr\u00e4der<\/span><\/p>\n<p><span style=\"font-family: helvetica, arial, sans-serif; font-size: 14pt;\">befestigter Parkplatz am Haus<\/span><\/p>\n","protected":false},"excerpt":{"rendered":"<p>Ferienwohnung &#8222;Am Dorf&#8220; &#8222;Am Dorf&#8220;, die vordere der beiden Ferienwohnungen, ist 90 m\u00b2 gro\u00df und erstreckt sich \u00fcber zwei Etagen. Sie hat einen eigenen Eingang an der Giebelseite des Hauses und verf\u00fcgt \u00fcber eine gesch\u00fctzte Terrasse. Mit ihrem nach oben offenen Wohnbereich und dem angrenzenden K\u00fcchen- und Essbereich ist die Wohnung gem\u00fctlich und lichtdurchflutet. Die &hellip; <a href=\"https:\/\/pilsumer-warfthaus.de\/?page_id=49\" class=\"more-link\"><span class=\"screen-reader-text\">Wohnung &#8222;Am Dorf&#8220;<\/span> weiterlesen <span class=\"meta-nav\">&rarr;<\/span><\/a><\/p>\n","protected":false},"author":1,"featured_media":0,"parent":0,"menu_order":0,"comment_status":"closed","ping_status":"closed","template":"","meta":{"ngg_post_thumbnail":0,"footnotes":""},"class_list":["post-49","page","type-page","status-publish","hentry"],"_links":{"self":[{"href":"https:\/\/pilsumer-warfthaus.de\/index.php?rest_route=\/wp\/v2\/pages\/49","targetHints":{"allow":["GET"]}}],"collection":[{"href":"https:\/\/pilsumer-warfthaus.de\/index.php?rest_route=\/wp\/v2\/pages"}],"about":[{"href":"https:\/\/pilsumer-warfthaus.de\/index.php?rest_route=\/wp\/v2\/types\/page"}],"author":[{"embeddable":true,"href":"https:\/\/pilsumer-warfthaus.de\/index.php?rest_route=\/wp\/v2\/users\/1"}],"replies":[{"embeddable":true,"href":"https:\/\/pilsumer-warfthaus.de\/index.php?rest_route=%2Fwp%2Fv2%2Fcomments&post=49"}],"version-history":[{"count":9,"href":"https:\/\/pilsumer-warfthaus.de\/index.php?rest_route=\/wp\/v2\/pages\/49\/revisions"}],"predecessor-version":[{"id":250,"href":"https:\/\/pilsumer-warfthaus.de\/index.php?rest_route=\/wp\/v2\/pages\/49\/revisions\/250"}],"wp:attachment":[{"href":"https:\/\/pilsumer-warfthaus.de\/index.php?rest_route=%2Fwp%2Fv2%2Fmedia&parent=49"}],"curies":[{"name":"wp","href":"https:\/\/api.w.org\/{rel}","templated":true}]}}